{"id":1114,"date":"2020-06-19T12:31:16","date_gmt":"2020-06-19T10:31:16","guid":{"rendered":"http:\/\/inmondo.pl\/?post_type=product&#038;p=1114"},"modified":"2026-08-27T13:12:48","modified_gmt":"2026-08-27T11:12:48","slug":"kommode-2d-breite-fronten-mdf","status":"publish","type":"product","link":"https:\/\/inmondo.pl\/de\/sklep\/elementy\/komody\/kommode-2d-breite-fronten-mdf\/","title":{"rendered":"Breite Kommode 2D mit MDF-Fronten"},"content":{"rendered":"<p>Die 2-t\u00fcrige Kommode \u201eFunflex\u201c ist eine einfache M\u00f6glichkeit, zus\u00e4tzliche Stauraumm\u00f6glichkeiten in den Raum zu integrieren \u2013 sie erm\u00f6glicht es, ausgew\u00e4hlte Gegenst\u00e4nde auf offenen Regalb\u00f6den zu pr\u00e4sentieren, und bietet gleichzeitig zwei hinter MDF-Fronten verborgene Regalb\u00f6den. In kleinen Zimmern ist sie eine hervorragende Erg\u00e4nzung zu einem Hochbett, da sie eine funktionale Raumaufteilung erm\u00f6glicht, ohne viel Platz einzunehmen. Zur Sicherheit der kleinsten Nutzer weist das M\u00f6belst\u00fcck keine scharfen Kanten auf, und die T\u00fcren sind mit einem Soft-Close-System ausgestattet.<\/p>","protected":false},"excerpt":{"rendered":"<p>Die Kommode Funflex 2-t\u00fcrig ist eine einfache M\u00f6glichkeit, den Innenraum um zus\u00e4tzliche Aufbewahrungsm\u00f6glichkeiten zu erweitern - sie erm\u00f6glicht die Pr\u00e4sentation ausgew\u00e4hlter Elemente in offenen Regalen und bietet zwei Regale, die hinter MDF-Fronten versteckt sind. In kleinen R\u00e4umen ist es eine gro\u00dfartige Erg\u00e4nzung zum Hochbeet, das die M\u00f6glichkeit bietet, den Raum funktional zu gestalten, ohne viel Platz einzunehmen.<\/p>\n<p>Zur Sicherheit der j\u00fcngsten Benutzer haben die M\u00f6bel keine scharfen Kanten und die T\u00fcr ist mit einem leisen Schlie\u00dfsystem ausgestattet.<\/p>\n<p>&nbsp;<\/p>\n<h6><\/h6>","protected":false},"featured_media":638,"comment_status":"open","ping_status":"closed","template":"","meta":{"_acf_changed":false},"product_brand":[],"product_cat":[20,18,17,30,99],"product_tag":[],"class_list":["post-1114","product","type-product","status-publish","has-post-thumbnail","product_cat-elementy","product_cat-funflex","product_cat-kolekcje","product_cat-komody","product_cat-meble-dostepne","first","onbackorder","taxable","shipping-taxable","purchasable","product-type-variable","has-default-attributes"],"acf":{"wymiary":"Szeroko\u015b\u0107: 76,5cm<br \/>\r\nWysoko\u015b\u0107: 72cm<br \/>\r\nG\u0142\u0119boko\u015b\u0107: 40cm","materialy":"drewno brzozowe, p\u0142yta MDF, lakier wodny i&nbsp;wodny UV","sections_woocommerce":[{"acf_fc_layout":"section_menu","is_active":true,"repeater":[{"text":"Opis","link":"#opis"},{"text":"Lookbook","link":"#lookbook"},{"text":"Opinie","link":"#opinie"},{"text":"Inne produkty","link":"#inneprodukty"}]},{"acf_fc_layout":"section_woocommerce_text_image","is_active":true,"anchor":"opis","text_align":"textAlign--left","grid_width":"main","wysiwyg":"<h2>Funflex nieograniczone mo\u017cliwo\u015bci.<\/h2>\n<p>Szeroki wyb\u00f3r element\u00f3w z\u00a0kolekcji Funflex pozwoli zaaran\u017cowa\u0107 ka\u017cd\u0105 przestrze\u0144 zgodnie z\u00a0Twoimi potrzebami i\u00a0upodobaniami. Zapomnij o\u00a0problemach z\u00a0brakiem miejsca na\u00a0przechowywanie Twoich skarb\u00f3w. Ksi\u0105\u017cki, ubrania zabawki &#8211; od teraz na\u00a0wszystko znajdziesz swoje miejsce. Je\u015bli w\u00a0pokoju brakuje Ci miejsca meble mo\u017cesz postawi\u0107 pod\u00a0\u0142\u00f3\u017ckiem uzyskuj\u0105c przestrze\u0144 do\u00a0przechowywania bez po\u015bwi\u0119cania miejsca w\u00a0pokoju.<\/p>\n","image":"https:\/\/inmondo.pl\/wp-content\/uploads\/2020\/07\/2019_04_INMONDO_POK\u00d3J_DZIEWCZYNEK_2-12419kwadrat.jpg"},{"acf_fc_layout":"section_woocommerce_text_image","is_active":true,"anchor":"","text_align":"textAlign--right","grid_width":"main","wysiwyg":"<p>Tworz\u0105c nasze meble my\u015blimy nie tylko o\u00a0funkcjonalno\u015bci, ale\u00a0tak\u017ce o\u00a0bezpiecze\u0144stwie i\u00a0komforcie Twojego dziecka. Dlatego\u00a0wszystkie nasze meble s\u0105 lakierowane ekologicznymi farbami wodnymi. Zawiasy i\u00a0prowadnice posiadaj\u0105 system cichego domku.<\/p>\n","image":false},{"acf_fc_layout":"section_woocommerce_lookbook","is_active":true,"anchor":"lookbook","header":"<h2 style=\"text-align: center;\">Zobacz galeri\u0119 Funflex:<\/h2>\n<p style=\"text-align: center;\">Minimalistyczny lookbook prosto od naszych projektant\u00f3w. Ogl\u0105daj, inspiruj si\u0119, a\u00a0je\u015bli masz pomys\u0142y lub\u00a0pytania \u2014 od razu dzwo\u0144!<\/p>\n","repeater":[{"shortcode":"[woocommerce_lookbook id=\"1350\"]"},{"shortcode":"[woocommerce_lookbook id=\"1343\"]"},{"shortcode":"[woocommerce_lookbook id=\"1340\"]"},{"shortcode":"[woocommerce_lookbook id=\"1347\"]"}]},{"acf_fc_layout":"section_woocommerce_opinions","is_active":true,"anchor":"opinie"},{"acf_fc_layout":"section_woocommerce_otherFromCategory","is_active":true,"anchor":"inneprodukty"}],"czas_realizacji":""},"yoast_head":"<!-- This site is optimized with the Yoast SEO plugin v28.3 - https:\/\/yoast.com\/product\/yoast-seo-wordpress\/ -->\n<title>Komoda 2D szeroka fronty MDF - Inmondo<\/title>\n<meta name=\"robots\" content=\"index, follow, max-snippet:-1, max-image-preview:large, max-video-preview:-1\" \/>\n<link rel=\"canonical\" href=\"http:\/\/inmondo.pl\/de\/sklep\/elementy\/komody\/kommode-2d-breite-fronten-mdf\/\" \/>\n<meta property=\"og:locale\" content=\"de_DE\" \/>\n<meta property=\"og:type\" content=\"article\" \/>\n<meta property=\"og:title\" content=\"Komoda 2D szeroka fronty MDF - Inmondo\" \/>\n<meta property=\"og:description\" content=\"Komoda 2-drzwiowa Funflex to prosty spos\u00f3b na wprowadzenie do wn\u0119trza dodatkowych opcji przechowywania - pozwala na wyeksponowanie wybranych element\u00f3w na otwartych p\u00f3\u0142kach, zapewniaj\u0105c jednocze\u015bnie dwie p\u00f3\u0142ki ukryte za frontami z p\u0142yty MDF. W ma\u0142ych pokojach stanowi \u015bwietny dodatek do podniesionego \u0142\u00f3\u017cka, kt\u00f3ry daje szans\u0119 na funkcjonaln\u0105 organizacj\u0119 pomieszczenia bez zajmowania du\u017cej ilo\u015bci miejsca.  Dla bezpiecze\u0144stwa najm\u0142odszych u\u017cytkownik\u00f3w mebel nie posiada ostrych kraw\u0119dzi, a drzwiczki wyposa\u017cone s\u0105 w system cichego domykania.  &nbsp;\" \/>\n<meta property=\"og:url\" content=\"http:\/\/inmondo.pl\/de\/sklep\/elementy\/komody\/kommode-2d-breite-fronten-mdf\/\" \/>\n<meta property=\"og:site_name\" content=\"Inmondo\" \/>\n<meta property=\"article:modified_time\" content=\"2026-08-27T11:12:48+00:00\" \/>\n<meta property=\"og:image\" content=\"http:\/\/inmondo.pl\/wp-content\/uploads\/2020\/06\/2019_09_INMONDO_PACKSHOTY-19877A_small.jpg\" \/>\n\t<meta property=\"og:image:width\" content=\"960\" \/>\n\t<meta property=\"og:image:height\" content=\"960\" \/>\n\t<meta property=\"og:image:type\" content=\"image\/jpeg\" \/>\n<meta name=\"twitter:card\" content=\"summary_large_image\" \/>\n<meta name=\"twitter:label1\" content=\"Gesch\u00e4tzte Lesezeit\" \/>\n\t<meta name=\"twitter:data1\" content=\"2\u00a0Minuten\" \/>\n<script type=\"application\/ld+json\" class=\"yoast-schema-graph\">{\"@context\":\"https:\\\/\\\/schema.org\",\"@graph\":[{\"@type\":\"WebPage\",\"@id\":\"http:\\\/\\\/inmondo.pl\\\/sklep\\\/elementy\\\/komody\\\/komoda-2d-szeroka-fronty-mdf\\\/\",\"url\":\"http:\\\/\\\/inmondo.pl\\\/sklep\\\/elementy\\\/komody\\\/komoda-2d-szeroka-fronty-mdf\\\/\",\"name\":\"Komoda 2D szeroka fronty MDF - Inmondo\",\"isPartOf\":{\"@id\":\"https:\\\/\\\/inmondo.pl\\\/#website\"},\"primaryImageOfPage\":{\"@id\":\"http:\\\/\\\/inmondo.pl\\\/sklep\\\/elementy\\\/komody\\\/komoda-2d-szeroka-fronty-mdf\\\/#primaryimage\"},\"image\":{\"@id\":\"http:\\\/\\\/inmondo.pl\\\/sklep\\\/elementy\\\/komody\\\/komoda-2d-szeroka-fronty-mdf\\\/#primaryimage\"},\"thumbnailUrl\":\"https:\\\/\\\/inmondo.pl\\\/wp-content\\\/uploads\\\/2020\\\/06\\\/2019_09_INMONDO_PACKSHOTY-19877A_small.jpg\",\"datePublished\":\"2020-06-19T10:31:16+00:00\",\"dateModified\":\"2026-08-27T11:12:48+00:00\",\"breadcrumb\":{\"@id\":\"http:\\\/\\\/inmondo.pl\\\/sklep\\\/elementy\\\/komody\\\/komoda-2d-szeroka-fronty-mdf\\\/#breadcrumb\"},\"inLanguage\":\"de\",\"potentialAction\":[{\"@type\":\"ReadAction\",\"target\":[\"http:\\\/\\\/inmondo.pl\\\/sklep\\\/elementy\\\/komody\\\/komoda-2d-szeroka-fronty-mdf\\\/\"]}]},{\"@type\":\"ImageObject\",\"inLanguage\":\"de\",\"@id\":\"http:\\\/\\\/inmondo.pl\\\/sklep\\\/elementy\\\/komody\\\/komoda-2d-szeroka-fronty-mdf\\\/#primaryimage\",\"url\":\"https:\\\/\\\/inmondo.pl\\\/wp-content\\\/uploads\\\/2020\\\/06\\\/2019_09_INMONDO_PACKSHOTY-19877A_small.jpg\",\"contentUrl\":\"https:\\\/\\\/inmondo.pl\\\/wp-content\\\/uploads\\\/2020\\\/06\\\/2019_09_INMONDO_PACKSHOTY-19877A_small.jpg\",\"width\":960,\"height\":960},{\"@type\":\"BreadcrumbList\",\"@id\":\"http:\\\/\\\/inmondo.pl\\\/sklep\\\/elementy\\\/komody\\\/komoda-2d-szeroka-fronty-mdf\\\/#breadcrumb\",\"itemListElement\":[{\"@type\":\"ListItem\",\"position\":1,\"name\":\"Strona g\u0142\u00f3wna\",\"item\":\"https:\\\/\\\/inmondo.pl\\\/\"},{\"@type\":\"ListItem\",\"position\":2,\"name\":\"Oferta Inmondo: spe\u0142niamy marzenia i wymagania\",\"item\":\"https:\\\/\\\/inmondo.pl\\\/sklep\\\/\"},{\"@type\":\"ListItem\",\"position\":3,\"name\":\"kolekcje\",\"item\":\"https:\\\/\\\/inmondo.pl\\\/de\\\/sklep\\\/kolekcje\\\/\"},{\"@type\":\"ListItem\",\"position\":4,\"name\":\"Funflex\",\"item\":\"http:\\\/\\\/inmondo.pl\\\/en\\\/sklep\\\/kolekcje\\\/funflex\\\/\"},{\"@type\":\"ListItem\",\"position\":5,\"name\":\"Komoda 2D szeroka fronty MDF\"}]},{\"@type\":\"WebSite\",\"@id\":\"https:\\\/\\\/inmondo.pl\\\/#website\",\"url\":\"https:\\\/\\\/inmondo.pl\\\/\",\"name\":\"Inmondo\",\"description\":\"\",\"potentialAction\":[{\"@type\":\"SearchAction\",\"target\":{\"@type\":\"EntryPoint\",\"urlTemplate\":\"https:\\\/\\\/inmondo.pl\\\/?s={search_term_string}\"},\"query-input\":{\"@type\":\"PropertyValueSpecification\",\"valueRequired\":true,\"valueName\":\"search_term_string\"}}],\"inLanguage\":\"de\"}]}<\/script>\n<!-- \/ Yoast SEO plugin. -->","yoast_head_json":{"title":"Kommode 2D breite MDF-Fronten - Inmondo","robots":{"index":"index","follow":"follow","max-snippet":"max-snippet:-1","max-image-preview":"max-image-preview:large","max-video-preview":"max-video-preview:-1"},"canonical":"http:\/\/inmondo.pl\/de\/sklep\/elementy\/komody\/kommode-2d-breite-fronten-mdf\/","og_locale":"de_DE","og_type":"article","og_title":"Komoda 2D szeroka fronty MDF - Inmondo","og_description":"Komoda 2-drzwiowa Funflex to prosty spos\u00f3b na wprowadzenie do wn\u0119trza dodatkowych opcji przechowywania - pozwala na wyeksponowanie wybranych element\u00f3w na otwartych p\u00f3\u0142kach, zapewniaj\u0105c jednocze\u015bnie dwie p\u00f3\u0142ki ukryte za frontami z p\u0142yty MDF. W ma\u0142ych pokojach stanowi \u015bwietny dodatek do podniesionego \u0142\u00f3\u017cka, kt\u00f3ry daje szans\u0119 na funkcjonaln\u0105 organizacj\u0119 pomieszczenia bez zajmowania du\u017cej ilo\u015bci miejsca.  Dla bezpiecze\u0144stwa najm\u0142odszych u\u017cytkownik\u00f3w mebel nie posiada ostrych kraw\u0119dzi, a drzwiczki wyposa\u017cone s\u0105 w system cichego domykania.  &nbsp;","og_url":"http:\/\/inmondo.pl\/de\/sklep\/elementy\/komody\/kommode-2d-breite-fronten-mdf\/","og_site_name":"Inmondo","article_modified_time":"2026-08-27T11:12:48+00:00","og_image":[{"width":960,"height":960,"url":"http:\/\/inmondo.pl\/wp-content\/uploads\/2020\/06\/2019_09_INMONDO_PACKSHOTY-19877A_small.jpg","type":"image\/jpeg"}],"twitter_card":"summary_large_image","twitter_misc":{"Gesch\u00e4tzte Lesezeit":"2\u00a0Minuten"},"schema":{"@context":"https:\/\/schema.org","@graph":[{"@type":"WebPage","@id":"http:\/\/inmondo.pl\/sklep\/elementy\/komody\/komoda-2d-szeroka-fronty-mdf\/","url":"http:\/\/inmondo.pl\/sklep\/elementy\/komody\/komoda-2d-szeroka-fronty-mdf\/","name":"Kommode 2D breite MDF-Fronten - Inmondo","isPartOf":{"@id":"https:\/\/inmondo.pl\/#website"},"primaryImageOfPage":{"@id":"http:\/\/inmondo.pl\/sklep\/elementy\/komody\/komoda-2d-szeroka-fronty-mdf\/#primaryimage"},"image":{"@id":"http:\/\/inmondo.pl\/sklep\/elementy\/komody\/komoda-2d-szeroka-fronty-mdf\/#primaryimage"},"thumbnailUrl":"https:\/\/inmondo.pl\/wp-content\/uploads\/2020\/06\/2019_09_INMONDO_PACKSHOTY-19877A_small.jpg","datePublished":"2020-06-19T10:31:16+00:00","dateModified":"2026-08-27T11:12:48+00:00","breadcrumb":{"@id":"http:\/\/inmondo.pl\/sklep\/elementy\/komody\/komoda-2d-szeroka-fronty-mdf\/#breadcrumb"},"inLanguage":"de","potentialAction":[{"@type":"ReadAction","target":["http:\/\/inmondo.pl\/sklep\/elementy\/komody\/komoda-2d-szeroka-fronty-mdf\/"]}]},{"@type":"ImageObject","inLanguage":"de","@id":"http:\/\/inmondo.pl\/sklep\/elementy\/komody\/komoda-2d-szeroka-fronty-mdf\/#primaryimage","url":"https:\/\/inmondo.pl\/wp-content\/uploads\/2020\/06\/2019_09_INMONDO_PACKSHOTY-19877A_small.jpg","contentUrl":"https:\/\/inmondo.pl\/wp-content\/uploads\/2020\/06\/2019_09_INMONDO_PACKSHOTY-19877A_small.jpg","width":960,"height":960},{"@type":"BreadcrumbList","@id":"http:\/\/inmondo.pl\/sklep\/elementy\/komody\/komoda-2d-szeroka-fronty-mdf\/#breadcrumb","itemListElement":[{"@type":"ListItem","position":1,"name":"Strona g\u0142\u00f3wna","item":"https:\/\/inmondo.pl\/"},{"@type":"ListItem","position":2,"name":"Oferta Inmondo: spe\u0142niamy marzenia i wymagania","item":"https:\/\/inmondo.pl\/sklep\/"},{"@type":"ListItem","position":3,"name":"kolekcje","item":"https:\/\/inmondo.pl\/de\/sklep\/kolekcje\/"},{"@type":"ListItem","position":4,"name":"Funflex","item":"http:\/\/inmondo.pl\/en\/sklep\/kolekcje\/funflex\/"},{"@type":"ListItem","position":5,"name":"Komoda 2D szeroka fronty MDF"}]},{"@type":"WebSite","@id":"https:\/\/inmondo.pl\/#website","url":"https:\/\/inmondo.pl\/","name":"Inmondo","description":"","potentialAction":[{"@type":"SearchAction","target":{"@type":"EntryPoint","urlTemplate":"https:\/\/inmondo.pl\/?s={search_term_string}"},"query-input":{"@type":"PropertyValueSpecification","valueRequired":true,"valueName":"search_term_string"}}],"inLanguage":"de"}]}},"wcpa_form_fields":null,"_links":{"self":[{"href":"https:\/\/inmondo.pl\/de\/wp-json\/wp\/v2\/product\/1114","targetHints":{"allow":["GET"]}}],"collection":[{"href":"https:\/\/inmondo.pl\/de\/wp-json\/wp\/v2\/product"}],"about":[{"href":"https:\/\/inmondo.pl\/de\/wp-json\/wp\/v2\/types\/product"}],"replies":[{"embeddable":true,"href":"https:\/\/inmondo.pl\/de\/wp-json\/wp\/v2\/comments?post=1114"}],"wp:featuredmedia":[{"embeddable":true,"href":"https:\/\/inmondo.pl\/de\/wp-json\/wp\/v2\/media\/638"}],"wp:attachment":[{"href":"https:\/\/inmondo.pl\/de\/wp-json\/wp\/v2\/media?parent=1114"}],"wp:term":[{"taxonomy":"product_brand","embeddable":true,"href":"https:\/\/inmondo.pl\/de\/wp-json\/wp\/v2\/product_brand?post=1114"},{"taxonomy":"product_cat","embeddable":true,"href":"https:\/\/inmondo.pl\/de\/wp-json\/wp\/v2\/product_cat?post=1114"},{"taxonomy":"product_tag","embeddable":true,"href":"https:\/\/inmondo.pl\/de\/wp-json\/wp\/v2\/product_tag?post=1114"}],"curies":[{"name":"wp","href":"https:\/\/api.w.org\/{rel}","templated":true}]}}